{"version":"1.0","provider_name":"festettl\u00e1dafia","provider_url":"https:\/\/festettladafia.cafeblog.hu","author_name":"hellomoncsi","author_url":"https:\/\/festettladafia.cafeblog.hu\/author\/hellomoncsi\/","title":"M\u00e1jus","html":"N\u00e9prajzos sz\u00edvem mindig v\u00e1gyott egy Igazi M\u00e1jusf\u00e1ra (na j\u00f3, \u00fagy 4-5 \u00e9ve), de valahogy sosem \u00fagy alakult.\r\n\r\nDe most, tal\u00e1n a H\u00e1z el\u0151tti kis fa, vagy az, hogy az idei az utols\u00f3 lehet\u0151s\u00e9g - megihlette Kedvesem :D\r\n\r\n\u00cdgy ez v\u00e1rt r\u00e1m hajnali f\u00e9l 7-kor (persze \u00e9n m\u00e1s szemsz\u00f6gb\u0151l, az ablakb\u00f3l l\u00e1ttam):\r\n\r\n[caption id=\"attachment_1483\" align=\"aligncenter\" width=\"300\"]<a href=\"https:\/\/festettladafia.cafeblog.hu\/files\/2014\/05\/IMG_6937.jpg\"><img class=\"size-medium wp-image-1483 \" src=\"https:\/\/festettladafia.cafeblog.hu\/files\/2014\/05\/IMG_6937-300x225.jpg\" alt=\"IMG_6937\" width=\"300\" height=\"225\" \/><\/a> Pici a fa, de \u00fcnnepl\u0151be \u00f6lt\u00f6z\u00f6tt ;)[\/caption]\r\n\r\n[caption id=\"attachment_1482\" align=\"aligncenter\" width=\"300\"]<a href=\"https:\/\/festettladafia.cafeblog.hu\/files\/2014\/05\/IMG_6934.jpg\"><img class=\"size-medium wp-image-1482 \" src=\"https:\/\/festettladafia.cafeblog.hu\/files\/2014\/05\/IMG_6934-300x225.jpg\" alt=\"IMG_6934\" width=\"300\" height=\"225\" \/><\/a> P\u00e1r\u00e1s naps\u00fct\u00e9sben.[\/caption]\r\n\r\n[caption id=\"attachment_1484\" align=\"aligncenter\" width=\"300\"]<a href=\"https:\/\/festettladafia.cafeblog.hu\/files\/2014\/05\/IMG_6941.jpg\"><img class=\"size-medium wp-image-1484 \" src=\"https:\/\/festettladafia.cafeblog.hu\/files\/2014\/05\/IMG_6941-300x225.jpg\" alt=\"IMG_6941\" width=\"300\" height=\"225\" \/><\/a> K\u0151oroszl\u00e1nunk is van :D[\/caption]\r\n<p style=\"text-align: center\"><a href=\"https:\/\/festettladafia.cafeblog.hu\/files\/2014\/05\/IMG_6943.jpg\"><img class=\"size-medium wp-image-1485 aligncenter\" src=\"https:\/\/festettladafia.cafeblog.hu\/files\/2014\/05\/IMG_6943-300x225.jpg\" alt=\"IMG_6943\" width=\"300\" height=\"225\" \/><\/a><\/p>\r\n<p style=\"text-align: left\">Egy kis \"h\u00e1tt\u00e9r-inform\u00e1ci\u00f3\":<\/p>\r\n<p style=\"text-align: left\">\"A m\u00e1jusfa, m\u00e1jfa a term\u00e9szet \u00fajj\u00e1sz\u00fclet\u00e9s\u00e9nek szimb\u00f3luma \u00e9s szerelmi aj\u00e1nd\u00e9k is lehet. \u00a0(...) A m\u00e1jusf\u00e1k k\u00e9sz\u00edt\u00e9se a leg\u00e9nyek, leg\u00e9nyband\u00e1k feladata volt. \u00c9jszaka v\u00e1gt\u00e1k ki az erd\u0151n a f\u00e1t, \u00e9s m\u00e1jus elsej\u00e9re virrad\u00f3ra t\u00f6bbnyire titokban \u00e1ll\u00edtott\u00e1k fel a helyi szok\u00e1snak megfelel\u0151en a l\u00e1nyos h\u00e1zakhoz, illetve \u00a0a k\u00f6z\u00e9p\u00fcletek, kocsm\u00e1k el\u00e9. \u00c1ltal\u00e1ban minden l\u00e1ny kapott, s nagy sz\u00e9gyen volt, ha valaki kimaradt. Egyes vid\u00e9keken a nagyl\u00e1nys\u00e1g elismer\u00e9s\u00e9t jelentette, ha m\u00e1jusf\u00e1t kapott. Ezut\u00e1n m\u00e1r elmehettek a b\u00e1lba, a t\u00e1ncmulats\u00e1gokra. N\u00e9hol a rosszh\u00edr\u0171 l\u00e1nynak kisz\u00e1radt gallyra fazekat, rongydarabokat aggattak. (...) A m\u00e1jusfa lehet sud\u00e1r, esetenk\u00e9nt k\u00e9rg\u00e9t\u0151l megtiszt\u00edtott fa, amelynek csak a tetej\u00e9n hagyt\u00e1k meg a lombj\u00e1t, vagy vir\u00e1gz\u00f3, z\u00f6ldell\u0151 \u00e1g. Az udvarl\u00e1si sz\u00e1nd\u00e9k komolys\u00e1g\u00e1t jelezhette a fa fajt\u00e1ja, nagys\u00e1ga. T\u00f6bbnyire szalagokkal, zsebkend\u0151kkel, vir\u00e1gokkal, teli \u00fcveg borral, h\u00edmes toj\u00e1ssal d\u00edsz\u00edtett\u00e9k fel.\" (T\u00e1trai Zsuzsanna - Kar\u00e1csony Moln\u00e1r Erika: Jeles napok, \u00fcnnepi szok\u00e1sok)<\/p>\r\n<p style=\"text-align: center\"><a href=\"https:\/\/festettladafia.cafeblog.hu\/files\/2014\/05\/IMG_6945-e1398922156309.jpg\"><img class=\"size-medium wp-image-1486 aligncenter\" src=\"https:\/\/festettladafia.cafeblog.hu\/files\/2014\/05\/IMG_6945-e1398922156309-225x300.jpg\" alt=\"IMG_6945\" width=\"225\" height=\"300\" \/><\/a><\/p>\r\n<p style=\"text-align: left\">Teli \u00fcveg bort ugyan nem kaptam, de \u00fagy t\u0171nik, Leg\u00e9nyem sz\u00e1nd\u00e9kai t\u00e9nyleg komolyak ;)<\/p>","type":"rich","thumbnail_url":"https:\/\/festettladafia.cafeblog.hu\/files\/2014\/05\/IMG_6934-150x150.jpg","thumbnail_width":150,"thumbnail_height":150}