{"version":"1.0","provider_name":"festettl\u00e1dafia","provider_url":"https:\/\/festettladafia.cafeblog.hu","author_name":"hellomoncsi","author_url":"https:\/\/festettladafia.cafeblog.hu\/author\/hellomoncsi\/","title":"Rep\u00fclj!","html":"Eddigi \u00e9letemben k\u00e9tszer \u00fcltem rep\u00fcl\u0151n - Budapest \u00e9s Marosv\u00e1s\u00e1rhely k\u00f6z\u00f6tt oda-vissza, amikor Moldv\u00e1ba ment\u00fcnk kutatni. R\u00e9gen volt, de ez alapj\u00e1n is bizton \u00e1ll\u00edthatom, a brut\u00e1lis m\u00e1r-egy-s\u00e1mlin-is-sz\u00e9d\u00fcl\u00f6k-t\u00e9riszony valahol \u00f6t m\u00e9ter ut\u00e1n elm\u00falik ;)\r\n\r\nEz \u00f6nmag\u00e1ban persze nem magyar\u00e1zat arra, mi\u00e9rt vonz\u00f3dom a kisebb rep\u00fcl\u0151 alkalmatoss\u00e1gokhoz. De t\u00e9ny: ha j\u00f6n a sz\u00fanyogirt\u00f3s kis s\u00e1rga rep\u00fcl\u0151, \u0151r\u00fclt m\u00f3don integetek neki <del>h\u00e1tha elvisz egy k\u00f6rre<\/del>, nagy \u00e1lmom, hogy egyszer (minimum) ejt\u0151erny\u0151zzek\/vitorl\u00e1z\u00f3 rep\u00fcljek, s b\u00e1r rettegek, hogy leszakad pont alattam, de im\u00e1dok l\u00e1nchint\u00e1n \u00fclni.\r\n\r\n[caption id=\"attachment_2577\" align=\"aligncenter\" width=\"300\"]<a href=\"https:\/\/festettladafia.cafeblog.hu\/files\/2015\/07\/smiletheatreartscom.jpg\"><img class=\"wp-image-2577 size-medium\" src=\"https:\/\/festettladafia.cafeblog.hu\/files\/2015\/07\/smiletheatreartscom-300x169.jpg\" alt=\"smiletheatreartscom\" width=\"300\" height=\"169\" \/><\/a> El\u0151z\u0151 \u00e9letemben tal\u00e1n mad\u00e1r voltam...de minimum Mary Poppins ;)[\/caption]\r\n\r\nAmi pedig legink\u00e1bb elvar\u00e1zsol: a h\u0151l\u00e9gballon\u00a0\u2665\r\n\r\nTal\u00e1n nem v\u00e9letlen, hogy a KisVill\u00e1b\u00f3l legut\u00f3bb vele t\u00e9rtem haza:\r\n\r\n<a href=\"https:\/\/festettladafia.cafeblog.hu\/files\/2015\/07\/IMG_8657.jpg\"><img class=\" size-medium wp-image-2581 aligncenter\" src=\"https:\/\/festettladafia.cafeblog.hu\/files\/2015\/07\/IMG_8657-300x225.jpg\" alt=\"IMG_8657\" width=\"300\" height=\"225\" \/><\/a>\r\n\r\n<a href=\"https:\/\/festettladafia.cafeblog.hu\/files\/2015\/07\/IMG_8657.jpg\">\u0171<\/a> <a href=\"https:\/\/festettladafia.cafeblog.hu\/files\/2015\/07\/IMG_8661.jpg\"><img class=\" size-medium wp-image-2583 aligncenter\" src=\"https:\/\/festettladafia.cafeblog.hu\/files\/2015\/07\/IMG_8661-300x225.jpg\" alt=\"IMG_8661\" width=\"300\" height=\"225\" \/><\/a>\r\n\r\nDereng, hogy amikor kicsi voltam, \u00fagy 7-8 \u00e9ves, \u00fcltem egynek a kosar\u00e1ban, amit \u00fagy 5-6 m\u00e9terre fel is engedtek...most pedig rem\u00e9nykedem picit, hogy ez \u00fajra megt\u00f6rt\u00e9nhet, hiszen holnap \u00e9s szombaton rendezik a XXXV. H\u0151l\u00e9gballon Nemzeti Bajnoks\u00e1got Fegyverneken.\r\n\r\nMegy\u00fcnk. Terveink szerint szombaton. Hajnal 5-re, hogy l\u00e1thassuk a reggeli felsz\u00e1ll\u00e1st :D\r\n\r\nAddig pedig, v\u00e1logattam n\u00e9h\u00e1ny \u00f6tletet, hogyan csemp\u00e9szd be a h\u0151l\u00e9gballont a lak\u00e1sba - \u00e9s nem csak a gyerekszob\u00e1ba!\u00a0;)\r\n\r\n[caption id=\"attachment_2567\" align=\"aligncenter\" width=\"225\"]<a href=\"https:\/\/festettladafia.cafeblog.hu\/files\/2015\/07\/etsycom.jpg\"><img class=\"wp-image-2567 size-medium\" src=\"https:\/\/festettladafia.cafeblog.hu\/files\/2015\/07\/etsycom-225x300.jpg\" alt=\"etsycom\" width=\"225\" height=\"300\" \/><\/a> 1. Forg\u00f3 a kis\u00e1gy f\u00f6l\u00e9.[\/caption]\r\n\r\n[caption id=\"attachment_2566\" align=\"aligncenter\" width=\"300\"]<a href=\"https:\/\/festettladafia.cafeblog.hu\/files\/2015\/07\/anapfenyillatacafebloghu.jpg\"><img class=\"wp-image-2566 size-medium\" src=\"https:\/\/festettladafia.cafeblog.hu\/files\/2015\/07\/anapfenyillatacafebloghu-300x265.jpg\" alt=\"anapfenyillatacafebloghu\" width=\"300\" height=\"265\" \/><\/a> 2. Egyszer\u0171 kis d\u00edszek, origamival.[\/caption]\r\n\r\n[caption id=\"attachment_2572\" align=\"aligncenter\" width=\"300\"]<a href=\"https:\/\/festettladafia.cafeblog.hu\/files\/2015\/07\/papir-forgok.jpg\"><img class=\"wp-image-2572 size-medium\" src=\"https:\/\/festettladafia.cafeblog.hu\/files\/2015\/07\/papir-forgok-300x180.jpg\" alt=\"papir-forgok\" width=\"300\" height=\"180\" \/><\/a> 3. Forg\u00f3 pap\u00edrb\u00f3l.[\/caption]\r\n\r\nA ki\u00e9gett villanyk\u00f6rt\u00e9k lebegni v\u00e1gynak:\r\n\r\n<a href=\"https:\/\/festettladafia.cafeblog.hu\/files\/2015\/07\/csinaldmeghu.jpg\"><img class=\" size-medium wp-image-2575 aligncenter\" src=\"https:\/\/festettladafia.cafeblog.hu\/files\/2015\/07\/csinaldmeghu-300x221.jpg\" alt=\"csinaldmeghu\" width=\"300\" height=\"221\" \/><\/a>\r\n\r\n<a href=\"https:\/\/festettladafia.cafeblog.hu\/files\/2015\/07\/thesecrethu.jpg\"><img class=\" size-medium wp-image-2574 aligncenter\" src=\"https:\/\/festettladafia.cafeblog.hu\/files\/2015\/07\/thesecrethu-300x243.jpg\" alt=\"thesecrethu\" width=\"300\" height=\"243\" \/><\/a>\r\n\r\n<a href=\"https:\/\/festettladafia.cafeblog.hu\/files\/2015\/07\/otthonesdekorblogspot.jpg\"><img class=\" size-medium wp-image-2571 aligncenter\" src=\"https:\/\/festettladafia.cafeblog.hu\/files\/2015\/07\/otthonesdekorblogspot-300x271.jpg\" alt=\"otthonesdekorblogspot\" width=\"300\" height=\"271\" \/><\/a>\r\n\r\n<a href=\"https:\/\/festettladafia.cafeblog.hu\/files\/2015\/07\/pinterestormeska.jpg\"><img class=\" size-medium wp-image-2573 aligncenter\" src=\"https:\/\/festettladafia.cafeblog.hu\/files\/2015\/07\/pinterestormeska-288x300.jpg\" alt=\"pinterestormeska\" width=\"288\" height=\"300\" \/><\/a>\r\n\r\n<a href=\"https:\/\/festettladafia.cafeblog.hu\/files\/2015\/07\/hazimanocom.jpg\"><img class=\" size-medium wp-image-2568 aligncenter\" src=\"https:\/\/festettladafia.cafeblog.hu\/files\/2015\/07\/hazimanocom-233x300.jpg\" alt=\"hazimanocom\" width=\"233\" height=\"300\" \/><\/a>\r\n\r\nA kar\u00e1csonyi g\u00f6mb\u00f6k is nagyon j\u00f3 ballon-alapok, gyerekszob\u00e1ba ugyan\u00edgy pedig a rizsl\u00e1mpa is sz\u00f3ba j\u00f6het ;) :\r\n\r\n<a href=\"https:\/\/festettladafia.cafeblog.hu\/files\/2015\/07\/nlcafehu.jpg\"><img class=\" size-medium wp-image-2570 aligncenter\" src=\"https:\/\/festettladafia.cafeblog.hu\/files\/2015\/07\/nlcafehu-300x187.jpg\" alt=\"nlcafehu\" width=\"300\" height=\"187\" \/><\/a>\r\n\r\n&nbsp;\r\n\r\nEsk\u00fcv\u0151re a lufi-dekor\u00e1ci\u00f3 is lehet k\u00fcl\u00f6nleges (<del>mi\u00e9rt csak most fedezem fel ezt az \u00f6tletet?!?!<\/del>):\r\n\r\n<a href=\"https:\/\/festettladafia.cafeblog.hu\/files\/2015\/07\/lovediyweddingcafebloghu.jpg\"><img class=\" size-medium wp-image-2569 aligncenter\" src=\"https:\/\/festettladafia.cafeblog.hu\/files\/2015\/07\/lovediyweddingcafebloghu-300x224.jpg\" alt=\"lovediyweddingcafebloghu\" width=\"300\" height=\"224\" \/><\/a>\r\n\r\nFalimatrica:\r\n\r\n[caption id=\"attachment_2576\" align=\"aligncenter\" width=\"300\"]<a href=\"https:\/\/festettladafia.cafeblog.hu\/files\/2015\/07\/lightintheboxcom.jpg\"><img class=\"wp-image-2576 size-medium\" src=\"https:\/\/festettladafia.cafeblog.hu\/files\/2015\/07\/lightintheboxcom-300x300.jpg\" alt=\"lightintheboxcom\" width=\"300\" height=\"300\" \/><\/a> nappaliba...[\/caption]\r\n\r\n[caption id=\"attachment_2579\" align=\"aligncenter\" width=\"257\"]<a href=\"https:\/\/festettladafia.cafeblog.hu\/files\/2015\/07\/patternology-holegballonos-falmatrica-10758.jpg_cr-600x700.jpg\"><img class=\"wp-image-2579 size-medium\" src=\"https:\/\/festettladafia.cafeblog.hu\/files\/2015\/07\/patternology-holegballonos-falmatrica-10758.jpg_cr-600x700-257x300.jpg\" alt=\"patternology-holegballonos-falmatrica-10758.jpg_cr-600x700\" width=\"257\" height=\"300\" \/><\/a> ...gyerekszob\u00e1ba[\/caption]\r\n\r\nDe egy egyszer\u0171, kinagy\u00edtott (ak\u00e1r saj\u00e1t ;) ) fot\u00f3 lehet a legst\u00edlusosabb:\r\n\r\n<a href=\"https:\/\/festettladafia.cafeblog.hu\/files\/2015\/07\/B0243_1-340x340.jpg\"><img class=\" size-medium wp-image-2578 aligncenter\" src=\"https:\/\/festettladafia.cafeblog.hu\/files\/2015\/07\/B0243_1-340x340-300x300.jpg\" alt=\"B0243_1-340x340\" width=\"300\" height=\"300\" \/><\/a>\r\n\r\nA ki\u00e9gett villanyk\u00f6rt\u00e9k sz\u00e9pen gy\u0171lnek n\u00e1lunk, \u00e9s m\u00e1r csak egy kis fest\u00e9kre-miegym\u00e1sra <del>\u00e9s id\u0151re<\/del> v\u00e1rnak...\r\n\r\n<a href=\"https:\/\/festettladafia.cafeblog.hu\/files\/2015\/07\/IMG_8662.jpg\"><img class=\" size-medium wp-image-2584 aligncenter\" src=\"https:\/\/festettladafia.cafeblog.hu\/files\/2015\/07\/IMG_8662-300x225.jpg\" alt=\"IMG_8662\" width=\"300\" height=\"225\" \/><\/a>\r\n\r\n<a href=\"https:\/\/festettladafia.cafeblog.hu\/files\/2015\/07\/IMG_8663.jpg\"><img class=\" size-medium wp-image-2585 aligncenter\" src=\"https:\/\/festettladafia.cafeblog.hu\/files\/2015\/07\/IMG_8663-300x225.jpg\" alt=\"IMG_8663\" width=\"300\" height=\"225\" \/><\/a>\r\n\r\n...szombaton pedig a fot\u00f3k is szaporodni fognak ;)\r\n\r\n&nbsp;\r\n\r\nK\u00e9pek innen: <a href=\"http:\/\/gyermekszoba.blog.hu\/2012\/05\/22\/etsy_com_499\" target=\"_blank\">1.<\/a>, <a href=\"https:\/\/anapfenyillata.cafeblog.hu\/2014\/01\/07\/dekoralj-origamival\/\" target=\"_blank\">2.<\/a>, <a href=\"http:\/\/erezdmagadjol.hu\/category\/otthon\/\" target=\"_blank\">3.<\/a>, <a href=\"http:\/\/otthondekor.network.hu\/blog\/otthon-dekor-cikkei\/setarepules-egy-villanykortevel\" target=\"_blank\">4., 5.<\/a>, <a href=\"http:\/\/otthonesdekor.blogspot.hu\/2013_04_01_archive.html\" target=\"_blank\">6.<\/a>, <a href=\"https:\/\/www.pinterest.com\/pin\/285556432598773362\/\" target=\"_blank\">7.<\/a>, <a href=\"http:\/\/www.hazimano.com\/2012\/09\/villanykortebol-holegballon-dekoracio.html\" target=\"_blank\">8.<\/a>, <a href=\"http:\/\/gyermekszoba.blog.hu\/2011\/12\/15\/kulonleges_gombok\" target=\"_blank\">9.<\/a>, <a href=\"https:\/\/lovediywedding.cafeblog.hu\/2012\/06\/25\/love-diy-leggomb-dekoraciok-eskuvore\/\" target=\"_blank\">10.<\/a>, <a href=\"http:\/\/www.lightinthebox.com\/hu\/3d-falimatrica-fali-matricak-holegballon-dekor-vinyl-falimatrica_p2727858.html\" target=\"_blank\">11.<\/a>, <a href=\"http:\/\/mamasandpapas.hu\/babaszoba-2\/patternology-holegballonos-falmatrica\" target=\"_blank\">12.<\/a>, <a href=\"http:\/\/katicamatrica.hu\/holegballon\" target=\"_blank\">13.<\/a>","type":"rich","thumbnail_url":"https:\/\/festettladafia.cafeblog.hu\/files\/2015\/07\/IMG_8657-150x150.jpg","thumbnail_width":150,"thumbnail_height":150}